{"id":4000,"date":"2026-09-04T06:16:12","date_gmt":"2026-09-04T06:16:12","guid":{"rendered":"https:\/\/tarragona.escolateresiana.com\/objetivo-del-curso-2\/"},"modified":"2026-09-04T06:22:26","modified_gmt":"2026-09-04T06:22:26","slug":"objetivo-del-curso","status":"publish","type":"page","link":"https:\/\/tarragona.escolateresiana.com\/es\/objetivo-del-curso\/","title":{"rendered":"Objetivo del curso"},"content":{"rendered":"<p>[vc_row css_animation=\u00bb\u00bb row_type=\u00bbrow\u00bb use_row_as_full_screen_section=\u00bbno\u00bb type=\u00bbfull_width\u00bb angled_section=\u00bbno\u00bb text_align=\u00bbleft\u00bb background_image_as_pattern=\u00bbwithout_pattern\u00bb][vc_column][qode_elements_holder number_of_columns=\u00bbone_column\u00bb][qode_elements_holder_item cover=\u00bbyes\u00bb advanced_animations=\u00bbno\u00bb item_padding=\u00bb0px 60px 0px 60px\u00bb background_image=\u00bb2343&#8243;][vc_empty_space][vc_column_text css=\u00bb.vc_custom_1788261772985{padding-top: 20px !important;padding-right: 20px !important;padding-bottom: 20px !important;padding-left: 20px !important;background-color: #ffffff !important;}\u00bb]<\/p>\n<h5>Al llegar al \u00faltimo a\u00f1o de nuestra planificaci\u00f3n estrat\u00e9gica, queremos centrar la mirada en lo que da unidad a todo nuestro camino: el tipo de persona que queremos formar.<\/h5>\n<p>&nbsp;<\/p>\n<h5>En un mundo marcado por el individualismo, la polarizaci\u00f3n y el vac\u00edo de sentido, nuestra escuela reafirma su vocaci\u00f3n de \u00ab <strong>SER ALTERNATIVA\u00bb<\/strong><\/h5>\n<p>[\/vc_column_text][vc_empty_space][\/qode_elements_holder_item][qode_elements_holder_item advanced_animations=\u00bbno\u00bb][vc_single_image image=\u00bb4006&#8243; img_size=\u00bbfull\u00bb qode_css_animation=\u00bb\u00bb][\/qode_elements_holder_item][\/qode_elements_holder][\/vc_column][\/vc_row][vc_row css_animation=\u00bb\u00bb row_type=\u00bbrow\u00bb use_row_as_full_screen_section=\u00bbno\u00bb type=\u00bbgrid\u00bb angled_section=\u00bbno\u00bb text_align=\u00bbleft\u00bb background_image_as_pattern=\u00bbwithout_pattern\u00bb z_index=\u00bb\u00bb css=\u00bb.vc_custom_1654246533586{background-color: #ffffff !important;}\u00bb padding_top=\u00bb40&#8243; padding_bottom=\u00bb40&#8243;][vc_column][vc_empty_space][vc_column_text]<\/p>\n<h3>\u00bfQu\u00e9 significa ser alternativa hoy?<\/h3>\n<p>&nbsp;<\/p>\n<h4>No se trata simplemente de hacer las cosas de forma diferente, sino de proponer una forma profundamente humana, evang\u00e9lica y teresiana de habitar la realidad.<\/h4>\n<p>&nbsp;<\/p>\n<h4>Ser alternativa es un compromiso educativo que se concreta en:<\/h4>\n<p>[\/vc_column_text][\/vc_column][\/vc_row][vc_row css_animation=\u00bb\u00bb row_type=\u00bbrow\u00bb use_row_as_full_screen_section=\u00bbno\u00bb type=\u00bbfull_width\u00bb angled_section=\u00bbno\u00bb text_align=\u00bbleft\u00bb background_image_as_pattern=\u00bbwithout_pattern\u00bb z_index=\u00bb\u00bb css=\u00bb.vc_custom_1783505234886{background-color: #ffffff !important;}\u00bb][vc_column width=\u00bb1\/5&#8243;][\/vc_column][vc_column css_animation=\u00bbfadeInDown\u00bb width=\u00bb1\/5&#8243;][vc_single_image image=\u00bb3968&#8243; img_size=\u00bb236&#215;236&#8243; alignment=\u00bbcenter\u00bb qode_css_animation=\u00bb\u00bb][vc_empty_space][vc_column_text]<\/p>\n<h4 style=\"text-align: center;\"><strong>PERSONAS CON INTERIORIDAD:<\/strong><\/h4>\n<p style=\"text-align: center;\">Educamos a personas en proceso, capaces de habitar su propia vida, cultivar el autoconocimiento y sostener su existencia con sentido ante la \u00abintemperie interior\u00bb de nuestro tiempo.<\/p>\n<p>[\/vc_column_text][vc_empty_space][\/vc_column][vc_column css_animation=\u00bbfadeInUp\u00bb width=\u00bb1\/5&#8243;][vc_single_image image=\u00bb3970&#8243; img_size=\u00bb236&#215;236&#8243; alignment=\u00bbcenter\u00bb qode_css_animation=\u00bb\u00bb][vc_empty_space][vc_column_text]<\/p>\n<h4 style=\"text-align: center;\"><strong>PROTAGONISTAS DE SU APRENDIZAJE::<\/strong><\/h4>\n<p style=\"text-align: center;\">Queremos alumnos que no se resignen a la pasividad ni a respuestas prefabricadas, a personas que aprendan a pensar, discernir y tomar posici\u00f3n desde la reflexi\u00f3n y la cooperaci\u00f3n.<\/p>\n<p>[\/vc_column_text][vc_empty_space][\/vc_column][vc_column css_animation=\u00bbfadeInDown\u00bb width=\u00bb1\/5&#8243;][vc_single_image image=\u00bb3974&#8243; img_size=\u00bb236&#215;236&#8243; alignment=\u00bbcenter\u00bb qode_css_animation=\u00bb\u00bb][vc_empty_space][vc_column_text]<\/p>\n<h4 style=\"text-align: center;\"><strong>TRANSFORMADORES SOCIALES:<\/strong><\/h4>\n<p style=\"text-align: center;\">No podemos acostumbrarnos al dolor del mundo. Formamos a personas que se dejen afectar por la injusticia y la degradaci\u00f3n del planeta, comprometi\u00e9ndose con la \u00e9tica del cuidado y la sostenibilidad.<\/p>\n<p>[\/vc_column_text][\/vc_column][vc_column css_animation=\u00bbfadeInUp\u00bb width=\u00bb1\/5&#8243;][\/vc_column][\/vc_row][vc_row css_animation=\u00bb\u00bb row_type=\u00bbrow\u00bb use_row_as_full_screen_section=\u00bbno\u00bb type=\u00bbfull_width\u00bb angled_section=\u00bbno\u00bb text_align=\u00bbleft\u00bb background_image_as_pattern=\u00bbwithout_pattern\u00bb z_index=\u00bb\u00bb css=\u00bb.vc_custom_1783323690074{background-color: #ffffff !important;}\u00bb][vc_column width=\u00bb1\/6&#8243;][\/vc_column][vc_column css_animation=\u00bbfadeInDown\u00bb width=\u00bb1\/6&#8243;][vc_empty_space][\/vc_column][vc_column css_animation=\u00bbfadeInUp\u00bb width=\u00bb1\/6&#8243;][vc_single_image image=\u00bb3972&#8243; img_size=\u00bb236&#215;236&#8243; alignment=\u00bbcenter\u00bb qode_css_animation=\u00bb\u00bb][vc_empty_space][vc_column_text]<\/p>\n<h4 style=\"text-align: center;\"><strong>SUJETOS DE ENCUENTRO:<\/strong><\/h4>\n<p style=\"text-align: center;\">Ante el ruido y el conflicto, apostamos por personas capaces de escuchar, empatizar y tender puentes para construir un \u201cNOSOTROS\u201d m\u00e1s humano e inclusivo.<\/p>\n<p>[\/vc_column_text][vc_empty_space][\/vc_column][vc_column css_animation=\u00bbfadeInDown\u00bb width=\u00bb1\/6&#8243;][vc_single_image image=\u00bb3964&#8243; img_size=\u00bb236&#215;236&#8243; alignment=\u00bbcenter\u00bb qode_css_animation=\u00bb\u00bb][vc_empty_space][vc_column_text]<\/p>\n<h4 style=\"text-align: center;\"><strong>CREYENTES TERESIANOS:<\/strong><\/h4>\n<p style=\"text-align: center;\">Personas abiertas a la trascendencia que encuentren en Jes\u00fas y el Evangelio una fuente de inspiraci\u00f3n para vivir con los dem\u00e1s y para los dem\u00e1s.<\/p>\n<p>[\/vc_column_text][vc_empty_space][\/vc_column][vc_column css_animation=\u00bbfadeInUp\u00bb width=\u00bb1\/6&#8243;][vc_empty_space][\/vc_column][vc_column width=\u00bb1\/6&#8243;][vc_empty_space][\/vc_column][\/vc_row][vc_row css_animation=\u00bb\u00bb row_type=\u00bbrow\u00bb use_row_as_full_screen_section=\u00bbno\u00bb type=\u00bbfull_width\u00bb angled_section=\u00bbno\u00bb text_align=\u00bbleft\u00bb background_image_as_pattern=\u00bbwithout_pattern\u00bb css=\u00bb.vc_custom_1783495072353{background-color: #45ac34 !important;}\u00bb z_index=\u00bb\u00bb][vc_column][vc_empty_space height=\u00bb50px\u00bb][vc_row_inner row_type=\u00bbrow\u00bb type=\u00bbgrid\u00bb text_align=\u00bbleft\u00bb css_animation=\u00bb\u00bb][vc_column_inner][vc_column_text]<\/p>\n<h3 style=\"text-align: center;\"><span style=\"color: #ffffff;\">El concepto ALTER-NATIU resume nuestra identidad<\/span><\/h3>\n<p>[\/vc_column_text][vc_empty_space][vc_column_text]<\/p>\n<p style=\"text-align: center;\"><span style=\"color: #ffffff;\">Por un lado, <strong data-start=\"13\" data-end=\"32\">ALTER (el otro)<\/strong> nos invita a salir de nosotros mismos para mirar al pr\u00f3jimo de una forma diferente y comprometernos con los m\u00e1s vulnerables.<\/span><\/p>\n<p style=\"text-align: center;\"><span style=\"color: #ffffff;\">Por otro lado, <strong data-start=\"174\" data-end=\"201\">NATIU (nuestra ra\u00edz)<\/strong> nos recuerda que esta propuesta nace de nuestra identidad teresiana, una forma concreta de ser y estar en el mundo.<\/span><\/p>\n<p>[\/vc_column_text][\/vc_column_inner][\/vc_row_inner][vc_empty_space height=\u00bb50px\u00bb][\/vc_column][\/vc_row][vc_row css_animation=\u00bb\u00bb row_type=\u00bbrow\u00bb use_row_as_full_screen_section=\u00bbno\u00bb type=\u00bbgrid\u00bb angled_section=\u00bbno\u00bb text_align=\u00bbleft\u00bb background_image_as_pattern=\u00bbwithout_pattern\u00bb z_index=\u00bb\u00bb css=\u00bb.vc_custom_1788331348266{background: #ffffff url(https:\/\/vilanova.escolateresiana.com\/wp-content\/uploads\/2026\/09\/fondo-peces3.jpg?id=5316) !important;}\u00bb background_image=\u00bb4087&#8243;][vc_column][vc_empty_space height=\u00bb60px\u00bb]<div class=\"qode-simple-quote-holder \">\n\t<div class=\"qode-simple-quote-triangle-shadow\">\n\t\t\n\t<\/div>\n\t<div class=\"qode-simple-quote-triangle\" style=\"border-bottom-color: #eaeaea\">\n\t\t\n\t<\/div>\n\t<div class=\"qode-simple-quote-holder-inner\" style=\"background-color: #eaeaea;border-color: #eaeaea\">\n\t\t<div class=\"qode-simple-quote-icon-holder\"  style=\"fill: #f4a300\">\n\t\t\t<svg x=\"0px\" y=\"0px\" width=\"118px\" height=\"97px\" viewBox=\"0 0 118 97\" enable-background=\"new 0 0 118 97\" xml:space=\"preserve\">\n\t\t\t\t<g>\n\t\t\t\t\t<path d=\"M31.1,73.998c5.688-7.111,8.535-14.316,8.535-21.617c0-3.09-0.371-5.751-1.113-7.978c-4.332,3.34-9.031,5.009-14.102,5.009\n\t\t\t\t\t\tc-6.929,0-12.71-2.194-17.349-6.586c-4.639-4.389-6.958-10.298-6.958-17.72c0-6.926,2.348-12.71,7.051-17.349\n\t\t\t\t\t\tc4.7-4.639,10.452-6.958,17.256-6.958c9.77,0,17.256,4.021,22.451,12.061c4.329,6.68,6.494,15.029,6.494,25.049\n\t\t\t\t\t\tc0,12.742-3.247,24.154-9.741,34.234C37.13,82.227,27.325,90.357,14.215,96.541l-3.525-6.865\n\t\t\t\t\t\tC18.604,86.336,25.409,81.113,31.1,73.998z M95.67,73.998c5.688-7.111,8.535-14.316,8.535-21.617c0-3.09-0.371-5.751-1.113-7.978\n\t\t\t\t\t\tc-4.206,3.34-8.906,5.009-14.102,5.009c-6.804,0-12.556-2.194-17.256-6.586c-4.702-4.389-7.051-10.298-7.051-17.72\n\t\t\t\t\t\tc0-4.575,1.113-8.721,3.34-12.432s5.195-6.616,8.906-8.721c3.711-2.102,7.729-3.154,12.061-3.154\n\t\t\t\t\t\tc9.771,0,17.256,4.021,22.451,12.061c4.329,6.68,6.494,15.029,6.494,25.049c0,12.742-3.247,24.154-9.741,34.234\n\t\t\t\t\t\tC101.7,82.227,91.896,90.357,78.785,96.541l-3.525-6.865C83.175,86.336,89.979,81.113,95.67,73.998z\"\/>\n\t\t\t\t<\/g>\n\t\t\t<\/svg>\n\t\t<\/div>\n\t\t<div class=\"qode-simple-quote-content-holder\">\n\t\t\t<div class=\"qode-simple-quote-content-holder-inner\">\n\t\t\t\t<div class=\"qode-simple-quote-text-holder\" >\n\t\t\t\t\t<h5 class=\"qode-simple-quote-text-title\"> \u00abNo se deje llevar por la corriente\u00bb no es un llamamiento a la resistencia pasiva, sino a la construcci\u00f3n activa de una sociedad m\u00e1s justa, humana y sostenible.  <\/h5>\n\t\t\t\t<\/div>\n\t\t\t\t<div class=\"qode-simple-quote-author-holder\">\n\t\t\t\t\t<h4 class=\"qode-simple-quote-author-title\"> Enrique de Oss\u00f3  <\/h4>\n\t\t\t\t<\/div>\n\t\t\t<\/div>\n\t\t<\/div>\n\t<\/div>\n<\/div>[vc_empty_space][\/vc_column][\/vc_row][vc_row css_animation=\u00bb\u00bb row_type=\u00bbrow\u00bb use_row_as_full_screen_section=\u00bbno\u00bb type=\u00bbfull_width\u00bb angled_section=\u00bbno\u00bb text_align=\u00bbleft\u00bb background_image_as_pattern=\u00bbwithout_pattern\u00bb][vc_column][vc_column_text]<\/p>\n<p>[\/vc_column_text][\/vc_column][\/vc_row][vc_row css_animation=\u00bb\u00bb row_type=\u00bbrow\u00bb use_row_as_full_screen_section=\u00bbno\u00bb type=\u00bbfull_width\u00bb angled_section=\u00bbno\u00bb text_align=\u00bbleft\u00bb background_image_as_pattern=\u00bbwithout_pattern\u00bb][vc_column][vc_column_text]<\/p>\n<p>[\/vc_column_text][\/vc_column][\/vc_row]<\/p>\n","protected":false},"excerpt":{"rendered":"<p>[vc_row css_animation=\u00bb\u00bb row_type=\u00bbrow\u00bb use_row_as_full_screen_section=\u00bbno\u00bb type=\u00bbfull_width\u00bb angled_section=\u00bbno\u00bb text_align=\u00bbleft\u00bb background_image_as_pattern=\u00bbwithout_pattern\u00bb][vc_column][qode_elements_holder number_of_columns=\u00bbone_column\u00bb][qode_elements_holder_item cover=\u00bbyes\u00bb advanced_animations=\u00bbno\u00bb item_padding=\u00bb0px 60px 0px 60px\u00bb background_image=\u00bb2343&#8243;][vc_empty_space][vc_column_text css=\u00bb.vc_custom_1788261772985{padding-top: 20px !important;padding-right: 20px !important;padding-bottom: 20px !important;padding-left: 20px !important;background-color: #ffffff !important;}\u00bb] Al llegar al \u00faltimo a\u00f1o de nuestra planificaci\u00f3n estrat\u00e9gica, queremos centrar la mirada en lo que da unidad&#8230;<\/p>\n","protected":false},"author":1,"featured_media":0,"parent":0,"menu_order":0,"comment_status":"closed","ping_status":"closed","template":"full_width.php","meta":{"_monsterinsights_skip_tracking":false,"footnotes":""},"class_list":["post-4000","page","type-page","status-publish","hentry"],"_links":{"self":[{"href":"https:\/\/tarragona.escolateresiana.com\/es\/wp-json\/wp\/v2\/pages\/4000","targetHints":{"allow":["GET"]}}],"collection":[{"href":"https:\/\/tarragona.escolateresiana.com\/es\/wp-json\/wp\/v2\/pages"}],"about":[{"href":"https:\/\/tarragona.escolateresiana.com\/es\/wp-json\/wp\/v2\/types\/page"}],"author":[{"embeddable":true,"href":"https:\/\/tarragona.escolateresiana.com\/es\/wp-json\/wp\/v2\/users\/1"}],"replies":[{"embeddable":true,"href":"https:\/\/tarragona.escolateresiana.com\/es\/wp-json\/wp\/v2\/comments?post=4000"}],"version-history":[{"count":4,"href":"https:\/\/tarragona.escolateresiana.com\/es\/wp-json\/wp\/v2\/pages\/4000\/revisions"}],"predecessor-version":[{"id":4008,"href":"https:\/\/tarragona.escolateresiana.com\/es\/wp-json\/wp\/v2\/pages\/4000\/revisions\/4008"}],"wp:attachment":[{"href":"https:\/\/tarragona.escolateresiana.com\/es\/wp-json\/wp\/v2\/media?parent=4000"}],"curies":[{"name":"wp","href":"https:\/\/api.w.org\/{rel}","templated":true}]}}