{"id":3174,"date":"2022-11-08T14:06:11","date_gmt":"2022-11-08T14:06:11","guid":{"rendered":"https:\/\/tarragona.escolateresiana.com\/bachillerato\/"},"modified":"2024-03-19T10:52:20","modified_gmt":"2024-03-19T10:52:20","slug":"bachillerato","status":"publish","type":"page","link":"https:\/\/tarragona.escolateresiana.com\/es\/bachillerato\/","title":{"rendered":"Bachillerato"},"content":{"rendered":"<p>[vc_row css_animation=\u00bb\u00bb row_type=\u00bbrow\u00bb use_row_as_full_screen_section=\u00bbno\u00bb type=\u00bbfull_width\u00bb angled_section=\u00bbno\u00bb text_align=\u00bbleft\u00bb background_image_as_pattern=\u00bbwithout_pattern\u00bb][vc_column][qode_elements_holder number_of_columns=\u00bbtwo_columns\u00bb][qode_elements_holder_item advanced_animations=\u00bbno\u00bb][vc_single_image image=\u00bb2824&#8243; img_size=\u00bbfull\u00bb qode_css_animation=\u00bb\u00bb][\/qode_elements_holder_item][qode_elements_holder_item advanced_animations=\u00bbno\u00bb item_padding=\u00bb0px 30px 0px 30px\u00bb][vc_column_text]<\/p>\n<h2><span style=\"color: #45ac34;\">Bachillerato<\/span><\/h2>\n<p>&nbsp;<\/p>\n<h4><strong>El momento de los retos y decisiones<\/strong><\/h4>\n<p>&nbsp;<\/p>\n<p>En esta etapa acompa\u00f1amos a los alumnos de 16 a 18 a\u00f1os. Les ofrecemos una formaci\u00f3n integral, fundamentada en la educaci\u00f3n en valores y en el esp\u00edritu cr\u00edtico; queremos que sean capaces de transformar la sociedad y comprometerse con el servicio del bien com\u00fan.[\/vc_column_text][\/qode_elements_holder_item][\/qode_elements_holder][\/vc_column][\/vc_row][vc_row css_animation=\u00bb\u00bb row_type=\u00bbrow\u00bb use_row_as_full_screen_section=\u00bbno\u00bb type=\u00bbfull_width\u00bb angled_section=\u00bbno\u00bb text_align=\u00bbleft\u00bb background_image_as_pattern=\u00bbwithout_pattern\u00bb][vc_column][vc_empty_space height=\u00bb90px\u00bb][\/vc_column][\/vc_row][vc_row css_animation=\u00bb\u00bb row_type=\u00bbrow\u00bb use_row_as_full_screen_section=\u00bbno\u00bb type=\u00bbgrid\u00bb angled_section=\u00bbno\u00bb text_align=\u00bbleft\u00bb background_image_as_pattern=\u00bbwithout_pattern\u00bb z_index=\u00bb\u00bb][vc_column width=\u00bb1\/2&#8243;]<div class=\"qode-accordion-holder clearfix qode-toggle qode-initial \">\n\t<h4 class=\"clearfix qode-title-holder\">\n<span class=\"qode-tab-title\">\n\t    <span class=\"qode-tab-title-inner\">\n        INNOVACI\u00d3N EDUCATIVA    <\/span>\n<\/span>\n<span class=\"qode-accordion-mark\">\n    <span class=\"qode-accordion-mark-icon\">\n        <span class=\"icon_plus\"><\/span>\n        <span class=\"icon_minus-06\"><\/span>\n    <\/span>\n<\/span>\n<\/h4>\n<div  class=\"qode-accordion-content \" >\n    <div class=\"qode-accordion-content-inner\">\n        [vc_column_text]Trabajamos en la implantaci\u00f3n de diversos programas de innovaci\u00f3n pedag\u00f3gica para mejorar la calidad de la ense\u00f1anza, adecu\u00e1ndola a los nuevos tiempos y a\u00a0 conseguir la excelencia educativa.[\/vc_column_text][vc_empty_space][vc_single_image image=\u00bb2967&#8243; img_size=\u00bbfull\u00bb qode_css_animation=\u00bb\u00bb]    <\/div>\n<\/div><h4 class=\"clearfix qode-title-holder\">\n<span class=\"qode-tab-title\">\n\t    <span class=\"qode-tab-title-inner\">\n        ESCUELA VERDE    <\/span>\n<\/span>\n<span class=\"qode-accordion-mark\">\n    <span class=\"qode-accordion-mark-icon\">\n        <span class=\"icon_plus\"><\/span>\n        <span class=\"icon_minus-06\"><\/span>\n    <\/span>\n<\/span>\n<\/h4>\n<div  class=\"qode-accordion-content \" >\n    <div class=\"qode-accordion-content-inner\">\n        [vc_column_text]Promovemos procesos de aprendizaje vinculados con la educaci\u00f3n ambiental impulsando pr\u00e1cticas sostenibles responsables con la conservaci\u00f3n y mejora de nuestro entorno.[\/vc_column_text]    <\/div>\n<\/div><h4 class=\"clearfix qode-title-holder\">\n<span class=\"qode-tab-title\">\n\t    <span class=\"qode-tab-title-inner\">\n        BACHILLERATO DUAL    <\/span>\n<\/span>\n<span class=\"qode-accordion-mark\">\n    <span class=\"qode-accordion-mark-icon\">\n        <span class=\"icon_plus\"><\/span>\n        <span class=\"icon_minus-06\"><\/span>\n    <\/span>\n<\/span>\n<\/h4>\n<div  class=\"qode-accordion-content \" >\n    <div class=\"qode-accordion-content-inner\">\n        [vc_column_text]Ofrecemos la obtenci\u00f3n de la titulaci\u00f3n de Bachillerato High School en colaboraci\u00f3n con instituciones educativas norteamericanas del Estado de Florida. Potenciamos el dominio de la lengua inglesa, la autonom\u00eda en el estudio y el fomento de la excelencia.<br \/>\n[\/vc_column_text][vc_empty_space][vc_single_image image=\u00bb2972&#8243; img_size=\u00bbfull\u00bb qode_css_animation=\u00bb\u00bb]    <\/div>\n<\/div><h4 class=\"clearfix qode-title-holder\">\n<span class=\"qode-tab-title\">\n\t    <span class=\"qode-tab-title-inner\">\n        MODALIDADES    <\/span>\n<\/span>\n<span class=\"qode-accordion-mark\">\n    <span class=\"qode-accordion-mark-icon\">\n        <span class=\"icon_plus\"><\/span>\n        <span class=\"icon_minus-06\"><\/span>\n    <\/span>\n<\/span>\n<\/h4>\n<div  class=\"qode-accordion-content \" >\n    <div class=\"qode-accordion-content-inner\">\n        [vc_column_text]Ofrecemos la modalidad Social y Human\u00edstica y la modalidad Cient\u00edfico-Tecnol\u00f3gica, as\u00ed como una gran variedad de materias optativas y de modalidad, que configuran un curr\u00edculum flexible.[\/vc_column_text][vc_empty_space][vc_gallery type=\u00bbimage_grid\u00bb images=\u00bb2965,2973&#8243; img_size=\u00bbfull\u00bb column_number=\u00bb2&#8243; grayscale=\u00bbno\u00bb images_space=\u00bbgallery_without_space\u00bb]    <\/div>\n<\/div><h4 class=\"clearfix qode-title-holder\">\n<span class=\"qode-tab-title\">\n\t    <span class=\"qode-tab-title-inner\">\n        PRUEBAS EXTERNAS    <\/span>\n<\/span>\n<span class=\"qode-accordion-mark\">\n    <span class=\"qode-accordion-mark-icon\">\n        <span class=\"icon_plus\"><\/span>\n        <span class=\"icon_minus-06\"><\/span>\n    <\/span>\n<\/span>\n<\/h4>\n<div  class=\"qode-accordion-content \" >\n    <div class=\"qode-accordion-content-inner\">\n        [vc_column_text]Estamos muy contentos con los resultados obtenidos. Cada curso lo constatamos con las pruebas de acceso a la Universidad (PAU). [\/vc_column_text]    <\/div>\n<\/div><h4 class=\"clearfix qode-title-holder\">\n<span class=\"qode-tab-title\">\n\t    <span class=\"qode-tab-title-inner\">\n        PLAN DE INTERIORIDAD MirarTE    <\/span>\n<\/span>\n<span class=\"qode-accordion-mark\">\n    <span class=\"qode-accordion-mark-icon\">\n        <span class=\"icon_plus\"><\/span>\n        <span class=\"icon_minus-06\"><\/span>\n    <\/span>\n<\/span>\n<\/h4>\n<div  class=\"qode-accordion-content \" >\n    <div class=\"qode-accordion-content-inner\">\n        [vc_column_text]Con nuestro Plan de Interioridad les acompa\u00f1amos a conocerse y a descubrir su riqueza interior para ayudarles a acercarse a los dem\u00e1s, al mundo y a Dios.[\/vc_column_text][vc_empty_space][vc_single_image image=\u00bb2789&#8243; img_size=\u00bbfull\u00bb qode_css_animation=\u00bb\u00bb][vc_single_image image=\u00bb2970&#8243; img_size=\u00bbfull\u00bb qode_css_animation=\u00bb\u00bb]    <\/div>\n<\/div><h4 class=\"clearfix qode-title-holder\">\n<span class=\"qode-tab-title\">\n\t    <span class=\"qode-tab-title-inner\">\n        PLAN DE ACCI\u00d3N TUTORIAL Acompa\u00f1arTE    <\/span>\n<\/span>\n<span class=\"qode-accordion-mark\">\n    <span class=\"qode-accordion-mark-icon\">\n        <span class=\"icon_plus\"><\/span>\n        <span class=\"icon_minus-06\"><\/span>\n    <\/span>\n<\/span>\n<\/h4>\n<div  class=\"qode-accordion-content \" >\n    <div class=\"qode-accordion-content-inner\">\n        [vc_column_text]Ponemos el acento en la educaci\u00f3n integral de nuestro alumnado y le acompa\u00f1amos en su crecimiento personal, social y emocional con un plan de acci\u00f3n tutorial propio.<\/p>\n<p><img loading=\"lazy\" decoding=\"async\" class=\"wp-image-2394 size-full aligncenter\" src=\"https:\/\/tarragona.escolateresiana.com\/wp-content\/uploads\/2023\/11\/logo_acompanyarte_72ppp_digital.png\" alt=\"\" width=\"283\" height=\"283\" srcset=\"https:\/\/tarragona.escolateresiana.com\/wp-content\/uploads\/2023\/11\/logo_acompanyarte_72ppp_digital.png 283w, https:\/\/tarragona.escolateresiana.com\/wp-content\/uploads\/2023\/11\/logo_acompanyarte_72ppp_digital-150x150.png 150w\" sizes=\"auto, (max-width: 283px) 100vw, 283px\" \/>[\/vc_column_text][vc_single_image image=\u00bb2968&#8243; img_size=\u00bbfull\u00bb qode_css_animation=\u00bb\u00bb]    <\/div>\n<\/div><h4 class=\"clearfix qode-title-holder\">\n<span class=\"qode-tab-title\">\n\t    <span class=\"qode-tab-title-inner\">\n        COMPROMETIDOS CON EL MUNDO    <\/span>\n<\/span>\n<span class=\"qode-accordion-mark\">\n    <span class=\"qode-accordion-mark-icon\">\n        <span class=\"icon_plus\"><\/span>\n        <span class=\"icon_minus-06\"><\/span>\n    <\/span>\n<\/span>\n<\/h4>\n<div  class=\"qode-accordion-content \" >\n    <div class=\"qode-accordion-content-inner\">\n        [vc_column_text]Queremos despertarles la sensibilidad por el cuidado del otro y del planeta, y trabajamos la sostenibilidad y la solidaridad, para conseguir el compromiso con un mundo mejor (ODS).[\/vc_column_text][vc_empty_space][vc_single_image image=\u00bb2969&#8243; img_size=\u00bbfull\u00bb qode_css_animation=\u00bb\u00bb]    <\/div>\n<\/div><\/div>[\/vc_column][vc_column width=\u00bb1\/2&#8243;]<div class=\"qode-accordion-holder clearfix qode-toggle qode-initial \">\n\t<h4 class=\"clearfix qode-title-holder\">\n<span class=\"qode-tab-title\">\n\t    <span class=\"qode-tab-title-inner\">\n        ESTANCIA EN LA EMPRESA    <\/span>\n<\/span>\n<span class=\"qode-accordion-mark\">\n    <span class=\"qode-accordion-mark-icon\">\n        <span class=\"icon_plus\"><\/span>\n        <span class=\"icon_minus-06\"><\/span>\n    <\/span>\n<\/span>\n<\/h4>\n<div  class=\"qode-accordion-content \" >\n    <div class=\"qode-accordion-content-inner\">\n        [vc_column_text]Con esta materia ofrecemos al alumnado la posibilidad de conocer la realidad del mundo laboral con un per\u00edodo de permanencia y actividad en una empresa, para poder enfocar mejor su proyecto de futuro, acad\u00e9mico y profesional.[\/vc_column_text]    <\/div>\n<\/div><h4 class=\"clearfix qode-title-holder\">\n<span class=\"qode-tab-title\">\n\t    <span class=\"qode-tab-title-inner\">\n        MEDIACI\u00d3N ESCOLAR    <\/span>\n<\/span>\n<span class=\"qode-accordion-mark\">\n    <span class=\"qode-accordion-mark-icon\">\n        <span class=\"icon_plus\"><\/span>\n        <span class=\"icon_minus-06\"><\/span>\n    <\/span>\n<\/span>\n<\/h4>\n<div  class=\"qode-accordion-content \" >\n    <div class=\"qode-accordion-content-inner\">\n        [vc_column_text]Trabajamos por un clima escolar que favorezca, garantice y lidere el crecimiento de todo el alumnado en el respeto a uno mismo y al otro: aprender a vivir y a convivir.[\/vc_column_text]    <\/div>\n<\/div><h4 class=\"clearfix qode-title-holder\">\n<span class=\"qode-tab-title\">\n\t    <span class=\"qode-tab-title-inner\">\n        ATENCI\u00d3N A LA DIVERSIDAD    <\/span>\n<\/span>\n<span class=\"qode-accordion-mark\">\n    <span class=\"qode-accordion-mark-icon\">\n        <span class=\"icon_plus\"><\/span>\n        <span class=\"icon_minus-06\"><\/span>\n    <\/span>\n<\/span>\n<\/h4>\n<div  class=\"qode-accordion-content \" >\n    <div class=\"qode-accordion-content-inner\">\n        [vc_column_text]La diversidad es riqueza. Atendemos de forma personalizada las necesidades de nuestros ni\u00f1os y ni\u00f1as para conseguir el m\u00e1ximo desarrollo de sus capacidades.[\/vc_column_text]    <\/div>\n<\/div><h4 class=\"clearfix qode-title-holder\">\n<span class=\"qode-tab-title\">\n\t    <span class=\"qode-tab-title-inner\">\n        STEM (Science, Technology, Engineering and Mathematics)    <\/span>\n<\/span>\n<span class=\"qode-accordion-mark\">\n    <span class=\"qode-accordion-mark-icon\">\n        <span class=\"icon_plus\"><\/span>\n        <span class=\"icon_minus-06\"><\/span>\n    <\/span>\n<\/span>\n<\/h4>\n<div  class=\"qode-accordion-content \" >\n    <div class=\"qode-accordion-content-inner\">\n        [vc_column_text]Introducimos en el aula la tecnolog\u00eda y las ciencias de una forma manipulativa y pr\u00e1ctica, estimulando su curiosidad y suscitando el pensamiento computacional, innovador, cr\u00edtico y creativo con herramientas atractivas y motivadoras.[\/vc_column_text][vc_empty_space][vc_single_image image=\u00bb2974&#8243; img_size=\u00bbfull\u00bb qode_css_animation=\u00bb\u00bb]    <\/div>\n<\/div><h4 class=\"clearfix qode-title-holder\">\n<span class=\"qode-tab-title\">\n\t    <span class=\"qode-tab-title-inner\">\n        IDIOMAS    <\/span>\n<\/span>\n<span class=\"qode-accordion-mark\">\n    <span class=\"qode-accordion-mark-icon\">\n        <span class=\"icon_plus\"><\/span>\n        <span class=\"icon_minus-06\"><\/span>\n    <\/span>\n<\/span>\n<\/h4>\n<div  class=\"qode-accordion-content \" >\n    <div class=\"qode-accordion-content-inner\">\n        [vc_column_text]Potenciamos el dominio de la lengua inglesa y alemana y preparamos al alumnado para que sea capaz de participar en la sociedad plural, pluriling\u00fce y pluricultural del siglo XXI. Somos centro acreditado Cambridge Educational Partner y centro colaborador Goethe-Institut.<br \/>\n[\/vc_column_text][vc_empty_space][vc_single_image image=\u00bb2975&#8243; img_size=\u00bbfull\u00bb qode_css_animation=\u00bb\u00bb]    <\/div>\n<\/div><h4 class=\"clearfix qode-title-holder\">\n<span class=\"qode-tab-title\">\n\t    <span class=\"qode-tab-title-inner\">\n        EDUCACI\u00d3N EMOCIONAL    <\/span>\n<\/span>\n<span class=\"qode-accordion-mark\">\n    <span class=\"qode-accordion-mark-icon\">\n        <span class=\"icon_plus\"><\/span>\n        <span class=\"icon_minus-06\"><\/span>\n    <\/span>\n<\/span>\n<\/h4>\n<div  class=\"qode-accordion-content \" >\n    <div class=\"qode-accordion-content-inner\">\n        [vc_column_text]Educamos en positivo y ponemos especial atenci\u00f3n en la educaci\u00f3n emocional de nuestros alumnos. Es muy importante conocer las propias emociones y las de otros, y adquirir herramientas para la resoluci\u00f3n de problemas cotidianos.[\/vc_column_text][vc_empty_space][vc_single_image image=\u00bb2966&#8243; img_size=\u00bbfull\u00bb qode_css_animation=\u00bb\u00bb]    <\/div>\n<\/div><h4 class=\"clearfix qode-title-holder\">\n<span class=\"qode-tab-title\">\n\t    <span class=\"qode-tab-title-inner\">\n        RETO EXPERIMENTA    <\/span>\n<\/span>\n<span class=\"qode-accordion-mark\">\n    <span class=\"qode-accordion-mark-icon\">\n        <span class=\"icon_plus\"><\/span>\n        <span class=\"icon_minus-06\"><\/span>\n    <\/span>\n<\/span>\n<\/h4>\n<div  class=\"qode-accordion-content \" >\n    <div class=\"qode-accordion-content-inner\">\n        [vc_column_text]Con este programa impulsado por la Universidad Rovira i Virgili despertamos la curiosidad por las STEM y potenciamos la experimentaci\u00f3n en el aula partiendo del m\u00e9todo cient\u00edfico.[\/vc_column_text]    <\/div>\n<\/div><h4 class=\"clearfix qode-title-holder\">\n<span class=\"qode-tab-title\">\n\t    <span class=\"qode-tab-title-inner\">\n        SERVICIO COMUNITARIO    <\/span>\n<\/span>\n<span class=\"qode-accordion-mark\">\n    <span class=\"qode-accordion-mark-icon\">\n        <span class=\"icon_plus\"><\/span>\n        <span class=\"icon_minus-06\"><\/span>\n    <\/span>\n<\/span>\n<\/h4>\n<div  class=\"qode-accordion-content \" >\n    <div class=\"qode-accordion-content-inner\">\n        [vc_column_text]Con la asignatura de Just\u00edcia y Paz promovemos que los alumnos experimenten, protagonicen acciones de compromiso c\u00edvico, y pongan en juego sus conocimientos y capacidades al servicio de la comunidad.[\/vc_column_text][vc_empty_space][vc_single_image image=\u00bb2971&#8243; img_size=\u00bbfull\u00bb qode_css_animation=\u00bb\u00bb]    <\/div>\n<\/div><\/div>[\/vc_column][\/vc_row][vc_row css_animation=\u00bb\u00bb row_type=\u00bbrow\u00bb use_row_as_full_screen_section=\u00bbno\u00bb type=\u00bbfull_width\u00bb angled_section=\u00bbno\u00bb text_align=\u00bbleft\u00bb background_image_as_pattern=\u00bbwithout_pattern\u00bb][vc_column][vc_empty_space height=\u00bb90px\u00bb][\/vc_column][\/vc_row][vc_row css_animation=\u00bb\u00bb row_type=\u00bbrow\u00bb use_row_as_full_screen_section=\u00bbno\u00bb type=\u00bbfull_width\u00bb angled_section=\u00bbno\u00bb text_align=\u00bbleft\u00bb background_image_as_pattern=\u00bbwithout_pattern\u00bb][vc_column][vc_gallery type=\u00bbimage_grid\u00bb images=\u00bb3030,3031,3032,3033&#8243; img_size=\u00bbfull\u00bb column_number=\u00bb4&#8243; grayscale=\u00bbno\u00bb images_space=\u00bbgallery_without_space\u00bb][\/vc_column][\/vc_row]<\/p>\n","protected":false},"excerpt":{"rendered":"<p>[vc_row css_animation=\u00bb\u00bb row_type=\u00bbrow\u00bb use_row_as_full_screen_section=\u00bbno\u00bb type=\u00bbfull_width\u00bb angled_section=\u00bbno\u00bb text_align=\u00bbleft\u00bb background_image_as_pattern=\u00bbwithout_pattern\u00bb][vc_column][qode_elements_holder number_of_columns=\u00bbtwo_columns\u00bb][qode_elements_holder_item advanced_animations=\u00bbno\u00bb][vc_single_image image=\u00bb2824&#8243; img_size=\u00bbfull\u00bb qode_css_animation=\u00bb\u00bb][\/qode_elements_holder_item][qode_elements_holder_item advanced_animations=\u00bbno\u00bb item_padding=\u00bb0px 30px 0px 30px\u00bb][vc_column_text] Bachillerato &nbsp; El momento de los retos y decisiones &nbsp; En esta etapa acompa\u00f1amos a los alumnos de 16 a 18 a\u00f1os. Les ofrecemos una formaci\u00f3n integral,&#8230;<\/p>\n","protected":false},"author":1,"featured_media":0,"parent":0,"menu_order":0,"comment_status":"closed","ping_status":"closed","template":"full_width.php","meta":{"_monsterinsights_skip_tracking":false,"_monsterinsights_sitenote_active":false,"_monsterinsights_sitenote_note":"","_monsterinsights_sitenote_category":0,"footnotes":""},"class_list":["post-3174","page","type-page","status-publish","hentry"],"_links":{"self":[{"href":"https:\/\/tarragona.escolateresiana.com\/es\/wp-json\/wp\/v2\/pages\/3174","targetHints":{"allow":["GET"]}}],"collection":[{"href":"https:\/\/tarragona.escolateresiana.com\/es\/wp-json\/wp\/v2\/pages"}],"about":[{"href":"https:\/\/tarragona.escolateresiana.com\/es\/wp-json\/wp\/v2\/types\/page"}],"author":[{"embeddable":true,"href":"https:\/\/tarragona.escolateresiana.com\/es\/wp-json\/wp\/v2\/users\/1"}],"replies":[{"embeddable":true,"href":"https:\/\/tarragona.escolateresiana.com\/es\/wp-json\/wp\/v2\/comments?post=3174"}],"version-history":[{"count":5,"href":"https:\/\/tarragona.escolateresiana.com\/es\/wp-json\/wp\/v2\/pages\/3174\/revisions"}],"predecessor-version":[{"id":3509,"href":"https:\/\/tarragona.escolateresiana.com\/es\/wp-json\/wp\/v2\/pages\/3174\/revisions\/3509"}],"wp:attachment":[{"href":"https:\/\/tarragona.escolateresiana.com\/es\/wp-json\/wp\/v2\/media?parent=3174"}],"curies":[{"name":"wp","href":"https:\/\/api.w.org\/{rel}","templated":true}]}}